{"id":37,"date":"2022-04-05T08:39:23","date_gmt":"2022-04-05T06:39:23","guid":{"rendered":"http:\/\/statusnet.port-x.de\/?page_id=37"},"modified":"2024-06-03T08:29:31","modified_gmt":"2024-06-03T06:29:31","slug":"aktuelles","status":"publish","type":"page","link":"https:\/\/bee.port-x.de\/?page_id=37","title":{"rendered":"Aktuelles"},"content":{"rendered":"<h3>01.06.2024<\/h3>\n<p><a href=\"https:\/\/i0.wp.com\/bee.port-x.de\/wp-content\/uploads\/2018\/05\/fr%C3%BChjarsbl%C3%BCte.png?ssl=1\"><img data-recalc-dims=\"1\" loading=\"lazy\" decoding=\"async\" class=\"size-medium wp-image-426 alignright\" src=\"https:\/\/i0.wp.com\/bee.port-x.de\/wp-content\/uploads\/2018\/05\/fr%C3%BChjarsbl%C3%BCte.png?resize=300%2C223&#038;ssl=1\" alt=\"\" width=\"300\" height=\"223\" srcset=\"https:\/\/i0.wp.com\/bee.port-x.de\/wp-content\/uploads\/2018\/05\/fr%C3%BChjarsbl%C3%BCte.png?resize=300%2C223&amp;ssl=1 300w, https:\/\/i0.wp.com\/bee.port-x.de\/wp-content\/uploads\/2018\/05\/fr%C3%BChjarsbl%C3%BCte.png?w=573&amp;ssl=1 573w\" sizes=\"(max-width: 300px) 100vw, 300px\" \/><\/a><\/p>\n<p>Unser beliebter Fr\u00fchjahrshonig, ab sofort wieder verf\u00fcgbar. Solange der Vorrat reicht. Wir hatten eine reichliche Pfingsternte mit einer hervorragenden Qualit\u00e4t.\u00a0 Er kann t\u00e4glich Abgeholt werden, sofern jemand Daheim ist.<\/p>\n<p>Sommerhonig voraussichtlich ab ende Juli verf\u00fcgbar.<\/p>\n<h3><\/h3>\n<h3>Mai 2024<\/h3>\n<p>Wir sind sehr Gut aus den Winter gekommen. Die V\u00f6lker sind Stark und Pfingsten wird voraussichtlich das erste mal Geschleudert.<\/p>\n<h3>27 Januar 2022<\/h3>\n<p>Hier mal wieder ein kleines Update, w\u00e4hrend dieser uns\u00e4glichen Corona Zeit. Die Bienen halten Winterschlaf und alles ist beim Besten.<\/p>\n<h3><strong>15 April 2019<\/strong><\/h3>\n<p>Nun ist es so weit, die ersten Obstb\u00e4ume stehen in der Bl\u00fcte und unsere Sch\u00fctzlinge f\u00fchlen sich Pudelwohl. Es ist Zeit die Honigr\u00e4ume aufzusetzen und sich auf eine gute Ernte zu freuen.<\/p>\n<p><strong>21 Juli 2018<\/strong><\/p>\n<p>Wir sind aus dem Urlaub zur\u00fcck und wie jedes Jahr, der Urlaub ist immer viel zu Kurz! Denn V\u00f6lkern geht es gut aber es ist viel zu Trocken, sie finden kaum etwas. Ich habe mich dazu entschlossen die Jungv\u00f6lker zus\u00e4tzlich zum kargen Angebot zu F\u00fcttern. Sollte der Regen weiterhin ausbleiben wird es wohl nur diese M\u00f6glichkeit geben, die V\u00f6lker weiter zu st\u00e4rken.<\/p>\n<p><strong>17 Juni 2018<\/strong><\/p>\n<p>Es ist geschafft! Die Jungv\u00f6lker entwickeln sich sehr gut und wer h\u00e4tte es gedacht, bei denn Ablegern die ich Anfang Mai erstellt habe ist genug Bienenmasse vorhanden nun doch noch denn einen oder anderen Honigraum aufzusetzen. Dieser wir bis zum Ab Schleudern auf denn V\u00f6lkern bleiben und beschert uns hoffentlich doch noch etwas Honig in diesem Jahr.<\/p>\n<p><strong>24 Mai 2018<\/strong><\/p>\n<p>Manchmal scheint auch ein Verlust ein m\u00e4chtiger Ansporn zu sein. Die Nachzucht klappt dieses Jahr hervorragend. Alle Einwabenableger haben erfolgreich neue K\u00f6niginnen hervorgebracht und der erste Schwung der Umlarv-Aktion ist auch sehr gut gelaufen. Die ersten M\u00e4dels sind geschl\u00fcpft und haben Ihre neuen V\u00f6lker bekommen. Nun muss das Wetter nur noch passen und alles wird gut. Alle Ableger K\u00e4sten sind voll so das wir dieses Jahr wieder einen guten \u00dcberschuss haben und auch Jungv\u00f6lkchen und K\u00f6niginnen abgeben k\u00f6nnen. Und eine zweite Umlarv-Aktion ist schon in Vorbereitung.<\/p>\n<p><strong>18 Mai 2018<\/strong><\/p>\n<p>Das Jahr 2018 hat f\u00fcr uns nicht sehr gut Begonnen. Wir hatten gr\u00f6\u00dfere Verluste bei unseren V\u00f6lkern zu verzeichnen, was uns nat\u00fcrlich zur\u00fcckwirft. Auch das trockene Fr\u00fchjahr beeintr\u00e4chtigt die Honigproduktion.<\/p>\n<p>Wir sind aktuelle dabei unsere Verluste durch Ableger Bildung und Nachzucht von K\u00f6niginnen auszugleichen und hoffen dadurch dennoch einen vertretbaren Honigertrag zu erzielen. Auch Ableger und K\u00f6niginnen bieten wir in diesem Jahr wieder in begrenzten Mengen an. Hierzu haben wir einen hochwertigen Zuchtstoff beschafft welcher die kommenden zwei Jahre unsere Hobby Imkerei versorgen wird.<\/p>\n<p>* <em>Aus gegebenen Anlass, bandenm\u00e4\u00dfiger Klau von K\u00f6niginnen aus denn V\u00f6lkern, welcher aktuell in Deutschland grassiert, geben wir keine Quellen oder Pedigree Informationen mehr bekannt.<\/em><\/p>\n<p><strong><a href=\"https:\/\/i0.wp.com\/bee.port-x.de\/wp-content\/uploads\/2018\/02\/861FD9B6-BB80-468F-9FC7-0DA09774884D.jpeg\"><img data-recalc-dims=\"1\" loading=\"lazy\" decoding=\"async\" class=\"alignright wp-image-375 size-thumbnail\" src=\"https:\/\/i0.wp.com\/bee.port-x.de\/wp-content\/uploads\/2018\/02\/861FD9B6-BB80-468F-9FC7-0DA09774884D-150x150.jpeg?resize=150%2C150\" alt=\"\" width=\"150\" height=\"150\" srcset=\"https:\/\/i0.wp.com\/bee.port-x.de\/wp-content\/uploads\/2018\/02\/861FD9B6-BB80-468F-9FC7-0DA09774884D.jpeg?resize=150%2C150&amp;ssl=1 150w, https:\/\/i0.wp.com\/bee.port-x.de\/wp-content\/uploads\/2018\/02\/861FD9B6-BB80-468F-9FC7-0DA09774884D.jpeg?resize=300%2C300&amp;ssl=1 300w, https:\/\/i0.wp.com\/bee.port-x.de\/wp-content\/uploads\/2018\/02\/861FD9B6-BB80-468F-9FC7-0DA09774884D.jpeg?resize=100%2C100&amp;ssl=1 100w, https:\/\/i0.wp.com\/bee.port-x.de\/wp-content\/uploads\/2018\/02\/861FD9B6-BB80-468F-9FC7-0DA09774884D.jpeg?zoom=3&amp;resize=150%2C150&amp;ssl=1 450w\" sizes=\"(max-width: 150px) 100vw, 150px\" \/><\/a><\/strong><\/p>\n<p><strong>17 Februar 2018<\/strong><\/p>\n<p>Besuch des Mitteldeutschen Buckfast Imkertag in Leipzig. Nach kurzer Begr\u00fc\u00dfung durch Bernd Brix ging es auch gleich In das Referat von Rainer Schwarz mit dem Thema \u201eWarum Buckfast?\u201c.<\/p>\n<p><strong>Themen waren unter anderem<\/strong><\/p>\n<ul>\n<li>Warum Buckfast<\/li>\n<li>Genetik, Selektion, Zuchtstrategie, Gesundheit<\/li>\n<li>Bruder Adam und seine Lehren<\/li>\n<li>Betriebsweise Rainer Schwarz<\/li>\n<\/ul>\n<figure id=\"attachment_378\" aria-describedby=\"caption-attachment-378\" style=\"width: 180px\" class=\"wp-caption alignleft\"><a href=\"https:\/\/i0.wp.com\/bee.port-x.de\/wp-content\/uploads\/2018\/02\/3B394DFB-145C-4EC5-A433-A16D694FE206.jpeg\"><img data-recalc-dims=\"1\" loading=\"lazy\" decoding=\"async\" class=\"wp-image-378\" src=\"https:\/\/i0.wp.com\/bee.port-x.de\/wp-content\/uploads\/2018\/02\/3B394DFB-145C-4EC5-A433-A16D694FE206-150x150.jpeg?resize=180%2C180\" alt=\"\" width=\"180\" height=\"180\" srcset=\"https:\/\/i0.wp.com\/bee.port-x.de\/wp-content\/uploads\/2018\/02\/3B394DFB-145C-4EC5-A433-A16D694FE206.jpeg?resize=150%2C150&amp;ssl=1 150w, https:\/\/i0.wp.com\/bee.port-x.de\/wp-content\/uploads\/2018\/02\/3B394DFB-145C-4EC5-A433-A16D694FE206.jpeg?resize=300%2C300&amp;ssl=1 300w, https:\/\/i0.wp.com\/bee.port-x.de\/wp-content\/uploads\/2018\/02\/3B394DFB-145C-4EC5-A433-A16D694FE206.jpeg?resize=100%2C100&amp;ssl=1 100w, https:\/\/i0.wp.com\/bee.port-x.de\/wp-content\/uploads\/2018\/02\/3B394DFB-145C-4EC5-A433-A16D694FE206.jpeg?zoom=2&amp;resize=180%2C180&amp;ssl=1 360w, https:\/\/i0.wp.com\/bee.port-x.de\/wp-content\/uploads\/2018\/02\/3B394DFB-145C-4EC5-A433-A16D694FE206.jpeg?zoom=3&amp;resize=180%2C180&amp;ssl=1 540w\" sizes=\"(max-width: 180px) 100vw, 180px\" \/><\/a><figcaption id=\"caption-attachment-378\" class=\"wp-caption-text\">Herkunft der Buckfast Biene<\/figcaption><\/figure>\n<p style=\"text-align: right;\">\u201e<strong>Die richtige Anwendung eines bew\u00e4hrten mit R\u00fcckkopplung versehenden Zuchtsystems f\u00fchrt zu gesunden V\u00f6lkern\u201c<\/strong><\/p>\n<p style=\"text-align: right;\">Insgesamt war es ein sch\u00f6ner Tag. Nur tut einem nach einer gewissen Zeit der Hintern weh auf den harten H\u00f6rsaal Sitzgelegenheiten. Gegen 15:30 waren wir dann wieder auf dem Heimweg.<\/p>\n<p><strong>05 Januar 2018<\/strong><\/p>\n<p>Schauen wir mal wie 2018 wird!<\/p>\n<p><strong>29 Mai 2017<\/strong><\/p>\n<p>Die ersten Ableger wurden gebildet und der Raps ist fast Verbl\u00fcht. Kommende Woche werden wir Schleudern und uns auf die kommenden Trachten vorbereiten. Der Beginn der K\u00f6nigsinzucht steht unmittelbar bevor.<\/p>\n<p><strong>09 Mai 2017<\/strong><\/p>\n<p>Das neue Jahr begonnen und wir hatten keine Verluste zu beklagen. Alle V\u00f6lker sind sehr Stark aus dem Winter gekommen und fleissig dabei Pollen zu sammeln. Wir haben heute bestellte Jungv\u00f6lker abgegeben und bereiten uns nun in denn kommenden Tagen auf die Nachzucht vor.<\/p>\n<p><strong>Bitte melden Sie rechtzeitig ihren Bedarf and K\u00f6niginnen f\u00fcr Mai-Juli 2017.<\/strong><\/p>\n<p>Unsere selektierte Zuchtmutter <em>B21(BZF) <\/em>wurde erfolgreich \u00fcberwintert und wird als Drohnenvolk dienen. Unsere diesj\u00e4hrige Mutter, aus der Zucht von Bernd Brix, wird der diesj\u00e4hrige Star unsere Nachzucht. Wir rechnen mit ersten Nachzuchten schon Ende Mai 2016. <em>Auch werden wir wieder einige unserer Nachzuchten auf die Belegstelle geben.<\/em><\/p>\n<p><strong>Nachzucht F1 Wirtschaftsk\u00f6nigin 2016 Selektiert Standbegatettet<\/strong><\/p>\n<p>Unsere diesj\u00e4hrige Mutter stammt V\u00e4terlicherseits aus ewigen alten Athos-inien mit insgesamt hervorragenden Eigenschaften. Das Volk der 184 besticht durch Vitalit\u00e4t, Sanftmut, Schwarmtr\u00e4gheit und Leistung, ohne sonstige M\u00e4ngel. Ihre Mutter stammt aus der Zuchtfolge der B122 welche ebenfalls hervorragende Eigenschaften besitzt und wird f\u00fcr dieses Jahr unsere alleinige Mutter zur Nachzucht sein. Wir werden Sie sehr schonen um Ihr die M\u00f6glichkeit zu geben ihre positiven Eigenschaften weiter zu geben.<\/p>\n<p><strong>Drohnenv\u00f6lker<\/strong><\/p>\n<p>Die Mutter B21(BZF) - Sie ist durchgez\u00fcchtet und befindet sich auf dem H\u00f6hepunkt Ihrer z\u00fcchterischen Entwicklung. Der Honigertrag lag sowohl in 2012 bis 2015 weit \u00fcber dem Durchschnitt, keinerlei Schwarmneigung war zu erkennen, lammfromm. Vielleicht etwas Wirrbau, aber der beeintr\u00e4chtigt die positiven Eigenschaften weniger. Und, sie ist farblich sehr homogen. Wir haben Ihr schon sehr Zeitig gen\u00fcgend Drohnenrahmen gegeben haben um m\u00f6glichst viele Drohnen dieser Mutter am Stand zu haben. Was nat\u00fcrlich die Wahrscheinlichkeit erh\u00f6ht das unsere F1 Wirtschaftsk\u00f6niginen mit einem hohen Anteil von Reinzuchtdrohnen begattet zu werden.<\/p>\n<p>Alle Jungen K\u00f6niginnen geben wir Markiert in der Jahresfarbe ab. Auf Wunsch auch mit Fl\u00fcgelschnitt.<\/p>\n<p><em>Hier noch mal der Hinweis: Melden Sie Ihren Bedarf\/Bestellung fr\u00fchzeitig an - Majest\u00e4ten sind keine Lagerware!<\/em><\/p>\n<p><strong>Unser aktueller Zuchstoff 2017<\/strong><\/p>\n<p>Buckfast-M\u00fctter im Detail<\/p>\n<ol>\n<li>Mutter B21 (BZF) selektiert (2014)<\/li>\n<li>Diese Mutter Stammt aus der Zucht von Bernd Brix und wurde auf der Belegstelle Greifswalder OIE angepaart. Ihre Mutter war die <a href=\"http:\/\/perso.fundp.ac.be\/~jvandyck\/homage\/elver\/reines\/B122%28BB%29.12.html\">B122 (BB)<\/a> und Ihre V\u00e4ter die <a href=\"http:\/\/perso.fundp.ac.be\/~jvandyck\/homage\/elver\/reines\/B184%28PJ%29.11.html\">B184 (PJ)<\/a><\/li>\n<\/ol>\n<p>Drohnenvolk<\/p>\n<p><em>B21(BZF) = <\/em><br \/>\n<em>.11-B80(SL)frkgB104(SL) : .06-B37(SL)insB15(SL) <\/em><br \/>\n<em>.03-B2(SL)lgnB22(MS) : .imq.02-B226(WP)lgnB322(FF)<\/em><\/p>\n<div title=\"Page 4\">Bitcoin Honig Kaufen Buckfast K\u00f6niginen Ableger Imkerei Zeidlerei Kerzen Zucht Sachsen Anhalt Verkauf DHL Echter Klein Rodensleben Deutscher Honig BIO<\/div>\n","protected":false},"excerpt":{"rendered":"<p>01.06.2024 Unser beliebter Fr\u00fchjahrshonig, ab sofort wieder verf\u00fcgbar. Solange der Vorrat reicht. Wir hatten eine reichliche Pfingsternte mit einer hervorragenden Qualit\u00e4t.\u00a0 Er kann t\u00e4glich Abgeholt werden, sofern jemand Daheim ist. Sommerhonig voraussichtlich ab ende Juli verf\u00fcgbar. Mai 2024 Wir sind sehr Gut aus den Winter gekommen. Die V\u00f6lker sind Stark und Pfingsten wird voraussichtlich das <a class=\"read-more\" href=\"https:\/\/bee.port-x.de\/?page_id=37\">... weiterlesen <span class=\"meta-nav\">&rarr;<\/span><\/a><\/p>\n","protected":false},"author":1,"featured_media":0,"parent":0,"menu_order":4,"comment_status":"open","ping_status":"open","template":"","meta":{"footnotes":""},"yoast_head":"<!-- This site is optimized with the Yoast SEO plugin v24.5 - https:\/\/yoast.com\/wordpress\/plugins\/seo\/ -->\n<title>Aktuelles - Hobby Imkerei - Zeidlerei Fam. Mario Roeber<\/title>\n<meta name=\"description\" content=\"Honigschleuderfest\" \/>\n<meta name=\"robots\" content=\"index, follow, max-snippet:-1, max-image-preview:large, max-video-preview:-1\" \/>\n<link rel=\"canonical\" href=\"https:\/\/bee.port-x.de\/?page_id=37\" \/>\n<meta property=\"og:locale\" content=\"de_DE\" \/>\n<meta property=\"og:type\" content=\"article\" \/>\n<meta property=\"og:title\" content=\"Aktuelles - Hobby Imkerei - Zeidlerei Fam. Mario Roeber\" \/>\n<meta property=\"og:description\" content=\"Honigschleuderfest\" \/>\n<meta property=\"og:url\" content=\"https:\/\/bee.port-x.de\/?page_id=37\" \/>\n<meta property=\"og:site_name\" content=\"Hobby Imkerei - Zeidlerei Fam. Mario Roeber\" \/>\n<meta property=\"article:publisher\" content=\"https:\/\/www.facebook.com\/cheyenne.roeber\" \/>\n<meta property=\"article:modified_time\" content=\"2024-06-03T06:29:31+00:00\" \/>\n<meta property=\"og:image\" content=\"http:\/\/bee.port-x.de\/wp-content\/uploads\/2018\/02\/861FD9B6-BB80-468F-9FC7-0DA09774884D-150x150.jpeg\" \/>\n<meta name=\"twitter:card\" content=\"summary_large_image\" \/>\n<meta name=\"twitter:label1\" content=\"Gesch\u00e4tzte Lesezeit\" \/>\n\t<meta name=\"twitter:data1\" content=\"6\u00a0Minuten\" \/>\n<script type=\"application\/ld+json\" class=\"yoast-schema-graph\">{\"@context\":\"https:\/\/schema.org\",\"@graph\":[{\"@type\":\"WebPage\",\"@id\":\"https:\/\/bee.port-x.de\/?page_id=37\",\"url\":\"https:\/\/bee.port-x.de\/?page_id=37\",\"name\":\"Aktuelles - Hobby Imkerei - Zeidlerei Fam. Mario Roeber\",\"isPartOf\":{\"@id\":\"http:\/\/212.21.68.35\/#website\"},\"primaryImageOfPage\":{\"@id\":\"https:\/\/bee.port-x.de\/?page_id=37#primaryimage\"},\"image\":{\"@id\":\"https:\/\/bee.port-x.de\/?page_id=37#primaryimage\"},\"thumbnailUrl\":\"http:\/\/bee.port-x.de\/wp-content\/uploads\/2018\/02\/861FD9B6-BB80-468F-9FC7-0DA09774884D-150x150.jpeg\",\"datePublished\":\"2022-04-05T06:39:23+00:00\",\"dateModified\":\"2024-06-03T06:29:31+00:00\",\"description\":\"Honigschleuderfest\",\"inLanguage\":\"de\",\"potentialAction\":[{\"@type\":\"ReadAction\",\"target\":[\"https:\/\/bee.port-x.de\/?page_id=37\"]}]},{\"@type\":\"ImageObject\",\"inLanguage\":\"de\",\"@id\":\"https:\/\/bee.port-x.de\/?page_id=37#primaryimage\",\"url\":\"http:\/\/bee.port-x.de\/wp-content\/uploads\/2018\/02\/861FD9B6-BB80-468F-9FC7-0DA09774884D-150x150.jpeg\",\"contentUrl\":\"http:\/\/bee.port-x.de\/wp-content\/uploads\/2018\/02\/861FD9B6-BB80-468F-9FC7-0DA09774884D-150x150.jpeg\"},{\"@type\":\"WebSite\",\"@id\":\"http:\/\/212.21.68.35\/#website\",\"url\":\"http:\/\/212.21.68.35\/\",\"name\":\"Imkerei - Zeidlerei Fam. Mario Roeber\",\"description\":\"Wir produzieren Honig durch Bienenhaltung und Vermehrung mitten in der Magdeburger B\u00f6rde\",\"publisher\":{\"@id\":\"http:\/\/212.21.68.35\/#organization\"},\"potentialAction\":[{\"@type\":\"SearchAction\",\"target\":{\"@type\":\"EntryPoint\",\"urlTemplate\":\"http:\/\/212.21.68.35\/?s={search_term_string}\"},\"query-input\":{\"@type\":\"PropertyValueSpecification\",\"valueRequired\":true,\"valueName\":\"search_term_string\"}}],\"inLanguage\":\"de\"},{\"@type\":\"Organization\",\"@id\":\"http:\/\/212.21.68.35\/#organization\",\"name\":\"Imkerei \u2013 Zeidlerei Fam. Mario Roeber\",\"url\":\"http:\/\/212.21.68.35\/\",\"logo\":{\"@type\":\"ImageObject\",\"inLanguage\":\"de\",\"@id\":\"http:\/\/212.21.68.35\/#\/schema\/logo\/image\/\",\"url\":\"http:\/\/bee.port-x.de\/wp-content\/uploads\/2015\/03\/logo1.jpg\",\"contentUrl\":\"http:\/\/bee.port-x.de\/wp-content\/uploads\/2015\/03\/logo1.jpg\",\"width\":260,\"height\":96,\"caption\":\"Imkerei \u2013 Zeidlerei Fam. Mario Roeber\"},\"image\":{\"@id\":\"http:\/\/212.21.68.35\/#\/schema\/logo\/image\/\"},\"sameAs\":[\"https:\/\/www.facebook.com\/cheyenne.roeber\"]}]}<\/script>\n<!-- \/ Yoast SEO plugin. -->","yoast_head_json":{"title":"Aktuelles - Hobby Imkerei - Zeidlerei Fam. Mario Roeber","description":"Honigschleuderfest","robots":{"index":"index","follow":"follow","max-snippet":"max-snippet:-1","max-image-preview":"max-image-preview:large","max-video-preview":"max-video-preview:-1"},"canonical":"https:\/\/bee.port-x.de\/?page_id=37","og_locale":"de_DE","og_type":"article","og_title":"Aktuelles - Hobby Imkerei - Zeidlerei Fam. Mario Roeber","og_description":"Honigschleuderfest","og_url":"https:\/\/bee.port-x.de\/?page_id=37","og_site_name":"Hobby Imkerei - Zeidlerei Fam. Mario Roeber","article_publisher":"https:\/\/www.facebook.com\/cheyenne.roeber","article_modified_time":"2024-06-03T06:29:31+00:00","og_image":[{"url":"http:\/\/bee.port-x.de\/wp-content\/uploads\/2018\/02\/861FD9B6-BB80-468F-9FC7-0DA09774884D-150x150.jpeg","type":"","width":"","height":""}],"twitter_card":"summary_large_image","twitter_misc":{"Gesch\u00e4tzte Lesezeit":"6\u00a0Minuten"},"schema":{"@context":"https:\/\/schema.org","@graph":[{"@type":"WebPage","@id":"https:\/\/bee.port-x.de\/?page_id=37","url":"https:\/\/bee.port-x.de\/?page_id=37","name":"Aktuelles - Hobby Imkerei - Zeidlerei Fam. Mario Roeber","isPartOf":{"@id":"http:\/\/212.21.68.35\/#website"},"primaryImageOfPage":{"@id":"https:\/\/bee.port-x.de\/?page_id=37#primaryimage"},"image":{"@id":"https:\/\/bee.port-x.de\/?page_id=37#primaryimage"},"thumbnailUrl":"http:\/\/bee.port-x.de\/wp-content\/uploads\/2018\/02\/861FD9B6-BB80-468F-9FC7-0DA09774884D-150x150.jpeg","datePublished":"2022-04-05T06:39:23+00:00","dateModified":"2024-06-03T06:29:31+00:00","description":"Honigschleuderfest","inLanguage":"de","potentialAction":[{"@type":"ReadAction","target":["https:\/\/bee.port-x.de\/?page_id=37"]}]},{"@type":"ImageObject","inLanguage":"de","@id":"https:\/\/bee.port-x.de\/?page_id=37#primaryimage","url":"http:\/\/bee.port-x.de\/wp-content\/uploads\/2018\/02\/861FD9B6-BB80-468F-9FC7-0DA09774884D-150x150.jpeg","contentUrl":"http:\/\/bee.port-x.de\/wp-content\/uploads\/2018\/02\/861FD9B6-BB80-468F-9FC7-0DA09774884D-150x150.jpeg"},{"@type":"WebSite","@id":"http:\/\/212.21.68.35\/#website","url":"http:\/\/212.21.68.35\/","name":"Imkerei - Zeidlerei Fam. Mario Roeber","description":"Wir produzieren Honig durch Bienenhaltung und Vermehrung mitten in der Magdeburger B\u00f6rde","publisher":{"@id":"http:\/\/212.21.68.35\/#organization"},"potentialAction":[{"@type":"SearchAction","target":{"@type":"EntryPoint","urlTemplate":"http:\/\/212.21.68.35\/?s={search_term_string}"},"query-input":{"@type":"PropertyValueSpecification","valueRequired":true,"valueName":"search_term_string"}}],"inLanguage":"de"},{"@type":"Organization","@id":"http:\/\/212.21.68.35\/#organization","name":"Imkerei \u2013 Zeidlerei Fam. Mario Roeber","url":"http:\/\/212.21.68.35\/","logo":{"@type":"ImageObject","inLanguage":"de","@id":"http:\/\/212.21.68.35\/#\/schema\/logo\/image\/","url":"http:\/\/bee.port-x.de\/wp-content\/uploads\/2015\/03\/logo1.jpg","contentUrl":"http:\/\/bee.port-x.de\/wp-content\/uploads\/2015\/03\/logo1.jpg","width":260,"height":96,"caption":"Imkerei \u2013 Zeidlerei Fam. Mario Roeber"},"image":{"@id":"http:\/\/212.21.68.35\/#\/schema\/logo\/image\/"},"sameAs":["https:\/\/www.facebook.com\/cheyenne.roeber"]}]}},"jetpack_sharing_enabled":true,"_links":{"self":[{"href":"https:\/\/bee.port-x.de\/index.php?rest_route=\/wp\/v2\/pages\/37"}],"collection":[{"href":"https:\/\/bee.port-x.de\/index.php?rest_route=\/wp\/v2\/pages"}],"about":[{"href":"https:\/\/bee.port-x.de\/index.php?rest_route=\/wp\/v2\/types\/page"}],"author":[{"embeddable":true,"href":"https:\/\/bee.port-x.de\/index.php?rest_route=\/wp\/v2\/users\/1"}],"replies":[{"embeddable":true,"href":"https:\/\/bee.port-x.de\/index.php?rest_route=%2Fwp%2Fv2%2Fcomments&post=37"}],"version-history":[{"count":0,"href":"https:\/\/bee.port-x.de\/index.php?rest_route=\/wp\/v2\/pages\/37\/revisions"}],"wp:attachment":[{"href":"https:\/\/bee.port-x.de\/index.php?rest_route=%2Fwp%2Fv2%2Fmedia&parent=37"}],"curies":[{"name":"wp","href":"https:\/\/api.w.org\/{rel}","templated":true}]}}